{"id":60882,"date":"2023-09-08T14:05:13","date_gmt":"2023-09-08T19:05:13","guid":{"rendered":"https:\/\/americas116.e.wpstage.net\/?page_id=60882"},"modified":"2023-10-31T14:31:41","modified_gmt":"2023-10-31T19:31:41","slug":"nuestro-trabajo","status":"publish","type":"page","link":"https:\/\/www.americas.org\/es\/nuestro-trabajo\/","title":{"rendered":"NUESTRO TRABAJO"},"content":{"rendered":"\t\t<div data-elementor-type=\"wp-page\" data-elementor-id=\"60882\" class=\"elementor elementor-60882\" data-elementor-post-type=\"page\">\n\t\t\t\t\t\t\t\t\t<section class=\"elementor-section elementor-top-section elementor-element elementor-element-1260226 elementor-section-full_width elementor-hidden-tablet elementor-hidden-mobile elementor-section-height-default elementor-section-height-default rrdevs-custom-animation-no RRdevs-addons-sticky-no\" data-id=\"1260226\" data-element_type=\"section\" data-settings=\"{&quot;animation_on&quot;:&quot;no&quot;,&quot;rrdevs_sticky&quot;:&quot;no&quot;}\">\n\t\t\t\t\t\t<div class=\"elementor-container elementor-column-gap-default\">\n\t\t\t\t\t<div class=\"elementor-column elementor-col-100 elementor-top-column elementor-element elementor-element-730330e\" data-id=\"730330e\" data-element_type=\"column\">\n\t\t\t<div class=\"elementor-widget-wrap elementor-element-populated\">\n\t\t\t\t\t\t\t\t<div class=\"elementor-element elementor-element-e35b558 rrdevs-css-transform-yes sliderhome RRdevs-addons-sticky-no elementor-widget elementor-widget-mdp-sliper-elementor\" data-id=\"e35b558\" data-element_type=\"widget\" data-settings=\"{&quot;rrdevs_sticky&quot;:&quot;no&quot;}\" data-widget_type=\"mdp-sliper-elementor.default\">\n\t\t\t\t<div class=\"elementor-widget-container\">\n\t\t\t\n        <div class=\"mdp-sliper-container\">\n\n            <div id=\"mdp-sliper-e35b558\"\n                 class=\"mdp-sliper mdp-sliper-e35b558\"\n                 data-autoplay=\"6060\"\n                 data-keyboard=\"false\"\n                 data-hash=\"false\"\n                 data-dots=\"false\"\n                 data-prevNext=\"false\"\n                 data-infiniteScrolling=\"true\"\n                 data-pause=\"true\"\n                 data-scroll=\"false\"\n                 data-friction=\"0.3\"\n                 data-attraction=\"0.01\"\n                 data-draggable=\"false\"\n                 data-dragThreshold=\"false\"\n                 data-rightToLeft=\"false\"\n                 data-cellAlign=\"\"\n                 data-groupCells=\"\"\n                 data-initialIndex=\"\"\n                 data-watchCss=\"false\"\n                 data-transition=\"none\"\n                 data-slideWidth=\"100\"\n                style=\"opacity: 0; height: 100vh\">\n\n                \n        <div id=\"sliper-slide-1\"\n             class=\"carousel-cell\n                    mdp-carousel-cell\n                    mdp-none-active-sliper\n                    mdp-carousel-cell-e35b558                    mdp-none-inactive\">\n\n\t\t\t\n\t\t\t\t\n        <div style=\"background-image: url(https:\/\/www.americas.org\/wp-content\/uploads\/2023\/09\/IMG_8560-scaled-e1701199462112.jpeg);\" class=\"mdp-sliper-image\"><\/div>\n\t\t\n                <div class=\"mdp-sliper-box\">\n                    <div class=\"mdp-sliper-box-content\">\n                        <div class=\"mdp-sliper-box-overlay\"><\/div>\n\t\t\t\t\t\t\n        <h1 class=\"mdp-sliper-title\">\n\t\tEN LA MIRA        <\/h1>\n\n\t\t\n\t\t\n\t\t\t\t\t\t                    <\/div>\n                <\/div>\n\t\t\t\n\t\t\t\t\n        <\/div>\n\n\t\t\n            <\/div>\n\n        <\/div>\n\n        <!--suppress JSUnresolvedFunction -->\n        <script>\n                    document.addEventListener('DOMContentLoaded', function(){\n        \n\t\t\t\t\n                window.Sliper();\n\n\t\t\t\t            } );\n        <\/script>\n\n\t\t\t\t<\/div>\n\t\t\t\t<\/div>\n\t\t\t\t\t<\/div>\n\t\t<\/div>\n\t\t\t\t\t\t\t<\/div>\n\t\t<\/section>\n\t\t\t\t<section class=\"elementor-section elementor-top-section elementor-element elementor-element-d5579cb elementor-section-full_width elementor-hidden-desktop elementor-section-height-default elementor-section-height-default rrdevs-custom-animation-no RRdevs-addons-sticky-no\" data-id=\"d5579cb\" data-element_type=\"section\" data-settings=\"{&quot;animation_on&quot;:&quot;no&quot;,&quot;rrdevs_sticky&quot;:&quot;no&quot;}\">\n\t\t\t\t\t\t<div class=\"elementor-container elementor-column-gap-default\">\n\t\t\t\t\t<div class=\"elementor-column elementor-col-100 elementor-top-column elementor-element elementor-element-e31a7db\" data-id=\"e31a7db\" data-element_type=\"column\">\n\t\t\t<div class=\"elementor-widget-wrap elementor-element-populated\">\n\t\t\t\t\t\t\t\t<div class=\"elementor-element elementor-element-489bbcc RRdevs-addons-sticky-no elementor-widget elementor-widget-mdp-sliper-elementor\" data-id=\"489bbcc\" data-element_type=\"widget\" data-settings=\"{&quot;rrdevs_sticky&quot;:&quot;no&quot;}\" data-widget_type=\"mdp-sliper-elementor.default\">\n\t\t\t\t<div class=\"elementor-widget-container\">\n\t\t\t\n        <div class=\"mdp-sliper-container\">\n\n            <div id=\"mdp-sliper-489bbcc\"\n                 class=\"mdp-sliper mdp-sliper-489bbcc\"\n                 data-autoplay=\"false\"\n                 data-keyboard=\"false\"\n                 data-hash=\"false\"\n                 data-dots=\"false\"\n                 data-prevNext=\"false\"\n                 data-infiniteScrolling=\"true\"\n                 data-pause=\"false\"\n                 data-scroll=\"false\"\n                 data-friction=\"0.15\"\n                 data-attraction=\"0.15\"\n                 data-draggable=\"false\"\n                 data-dragThreshold=\"false\"\n                 data-rightToLeft=\"false\"\n                 data-cellAlign=\"\"\n                 data-groupCells=\"\"\n                 data-initialIndex=\"\"\n                 data-watchCss=\"false\"\n                 data-transition=\"none\"\n                 data-slideWidth=\"100\"\n                style=\"opacity: 0; height: 500px\">\n\n                \n        <div id=\"sliper-slide-1\"\n             class=\"carousel-cell\n                    mdp-carousel-cell\n                    mdp-none-active-sliper\n                    mdp-carousel-cell-489bbcc                    mdp-none-inactive\">\n\n\t\t\t\n\t\t\t\t\n        <div style=\"background-image: url(https:\/\/www.americas.org\/wp-content\/uploads\/2023\/09\/IMG_8560-scaled-e1701199462112.jpeg);\" class=\"mdp-sliper-image\"><\/div>\n\t\t\n                <div class=\"mdp-sliper-box\">\n                    <div class=\"mdp-sliper-box-content\">\n                        <div class=\"mdp-sliper-box-overlay\"><\/div>\n\t\t\t\t\t\t            <a href=\"https:\/\/www.americas.org\/?p=61826\" class=\"mdp-sliper-title-link\" target=\"_blank\">\n\t\t\n        <h1 class=\"mdp-sliper-title\">\n\t\tEN LA MIRA        <\/h1>\n\n\t\t            <\/a>\n\t\t\n\t\t\n\t\t\t\t\t\t                    <\/div>\n                <\/div>\n\t\t\t\n\t\t\t\t\n        <\/div>\n\n\t\t\n            <\/div>\n\n        <\/div>\n\n        <!--suppress JSUnresolvedFunction -->\n        <script>\n                    document.addEventListener('DOMContentLoaded', function(){\n        \n\t\t\t\t\n                window.Sliper();\n\n\t\t\t\t            } );\n        <\/script>\n\n\t\t\t\t<\/div>\n\t\t\t\t<\/div>\n\t\t\t\t\t<\/div>\n\t\t<\/div>\n\t\t\t\t\t\t\t<\/div>\n\t\t<\/section>\n\t\t\t\t<section class=\"elementor-section elementor-top-section elementor-element elementor-element-56c5b6cf elementor-section-full_width elementor-hidden-mobile elementor-section-height-default elementor-section-height-default rrdevs-custom-animation-no RRdevs-addons-sticky-no\" data-id=\"56c5b6cf\" data-element_type=\"section\" data-settings=\"{&quot;background_background&quot;:&quot;classic&quot;,&quot;animation_on&quot;:&quot;no&quot;,&quot;rrdevs_sticky&quot;:&quot;no&quot;}\">\n\t\t\t\t\t\t\t<div class=\"elementor-background-overlay\"><\/div>\n\t\t\t\t\t\t\t<div class=\"elementor-container elementor-column-gap-default\">\n\t\t\t\t\t<div class=\"elementor-column elementor-col-100 elementor-top-column elementor-element elementor-element-7bd76052\" data-id=\"7bd76052\" data-element_type=\"column\">\n\t\t\t<div class=\"elementor-widget-wrap elementor-element-populated\">\n\t\t\t\t\t\t\t\t<div class=\"elementor-element elementor-element-3b9a5457 RRdevs-addons-sticky-no elementor-widget elementor-widget-spacer\" data-id=\"3b9a5457\" data-element_type=\"widget\" data-settings=\"{&quot;rrdevs_sticky&quot;:&quot;no&quot;}\" data-widget_type=\"spacer.default\">\n\t\t\t\t<div class=\"elementor-widget-container\">\n\t\t\t\t\t<div class=\"elementor-spacer\">\n\t\t\t<div class=\"elementor-spacer-inner\"><\/div>\n\t\t<\/div>\n\t\t\t\t<\/div>\n\t\t\t\t<\/div>\n\t\t\t\t\t<\/div>\n\t\t<\/div>\n\t\t\t\t\t\t\t<\/div>\n\t\t<\/section>\n\t\t\t\t<section class=\"elementor-section elementor-top-section elementor-element elementor-element-68964bb4 elementor-section-full_width elementor-hidden-mobile elementor-section-height-default elementor-section-height-default rrdevs-custom-animation-no RRdevs-addons-sticky-no\" data-id=\"68964bb4\" data-element_type=\"section\" data-settings=\"{&quot;background_background&quot;:&quot;classic&quot;,&quot;animation_on&quot;:&quot;no&quot;,&quot;rrdevs_sticky&quot;:&quot;no&quot;}\">\n\t\t\t\t\t\t\t<div class=\"elementor-background-overlay\"><\/div>\n\t\t\t\t\t\t\t<div class=\"elementor-container elementor-column-gap-default\">\n\t\t\t\t\t<div class=\"elementor-column elementor-col-100 elementor-top-column elementor-element elementor-element-7f9e0d09\" data-id=\"7f9e0d09\" data-element_type=\"column\">\n\t\t\t<div class=\"elementor-widget-wrap elementor-element-populated\">\n\t\t\t\t\t\t\t\t<div class=\"elementor-element elementor-element-9e6d4e0 RRdevs-addons-sticky-no elementor-widget elementor-widget-spacer\" data-id=\"9e6d4e0\" data-element_type=\"widget\" data-settings=\"{&quot;rrdevs_sticky&quot;:&quot;no&quot;}\" data-widget_type=\"spacer.default\">\n\t\t\t\t<div class=\"elementor-widget-container\">\n\t\t\t\t\t<div class=\"elementor-spacer\">\n\t\t\t<div class=\"elementor-spacer-inner\"><\/div>\n\t\t<\/div>\n\t\t\t\t<\/div>\n\t\t\t\t<\/div>\n\t\t\t\t\t<\/div>\n\t\t<\/div>\n\t\t\t\t\t\t\t<\/div>\n\t\t<\/section>\n\t\t\t\t<section class=\"elementor-section elementor-top-section elementor-element elementor-element-28a372c elementor-section-boxed elementor-section-height-default elementor-section-height-default rrdevs-custom-animation-no RRdevs-addons-sticky-no\" data-id=\"28a372c\" data-element_type=\"section\" data-settings=\"{&quot;animation_on&quot;:&quot;no&quot;,&quot;rrdevs_sticky&quot;:&quot;no&quot;}\">\n\t\t\t\t\t\t<div class=\"elementor-container elementor-column-gap-default\">\n\t\t\t\t\t<div class=\"elementor-column elementor-col-100 elementor-top-column elementor-element elementor-element-db93ce8\" data-id=\"db93ce8\" data-element_type=\"column\">\n\t\t\t<div class=\"elementor-widget-wrap elementor-element-populated\">\n\t\t\t\t\t\t\t\t<section class=\"elementor-section elementor-inner-section elementor-element elementor-element-81ceb52 elementor-section-boxed elementor-section-height-default elementor-section-height-default rrdevs-custom-animation-no RRdevs-addons-sticky-no\" data-id=\"81ceb52\" data-element_type=\"section\" data-settings=\"{&quot;animation_on&quot;:&quot;no&quot;,&quot;rrdevs_sticky&quot;:&quot;no&quot;}\">\n\t\t\t\t\t\t<div class=\"elementor-container elementor-column-gap-default\">\n\t\t\t\t\t<div class=\"elementor-column elementor-col-50 elementor-inner-column elementor-element elementor-element-8498b81\" data-id=\"8498b81\" data-element_type=\"column\">\n\t\t\t<div class=\"elementor-widget-wrap elementor-element-populated\">\n\t\t\t\t\t\t\t\t<div class=\"elementor-element elementor-element-563b896 elementor-align-center RRdevs-addons-sticky-no elementor-widget elementor-widget-button\" data-id=\"563b896\" data-element_type=\"widget\" data-settings=\"{&quot;rrdevs_sticky&quot;:&quot;no&quot;}\" data-widget_type=\"button.default\">\n\t\t\t\t<div class=\"elementor-widget-container\">\n\t\t\t\t\t<div class=\"elementor-button-wrapper\">\n\t\t\t<a class=\"elementor-button elementor-button-link elementor-size-sm\" href=\"#\">\n\t\t\t\t\t\t<span class=\"elementor-button-content-wrapper\">\n\t\t\t\t\t\t<span class=\"elementor-button-text\">ART\u00cdCULOS<\/span>\n\t\t<\/span>\n\t\t\t\t\t<\/a>\n\t\t<\/div>\n\t\t\t\t<\/div>\n\t\t\t\t<\/div>\n\t\t\t\t\t<\/div>\n\t\t<\/div>\n\t\t\t\t<div class=\"elementor-column elementor-col-50 elementor-inner-column elementor-element elementor-element-f1638d1\" data-id=\"f1638d1\" data-element_type=\"column\">\n\t\t\t<div class=\"elementor-widget-wrap elementor-element-populated\">\n\t\t\t\t\t\t\t\t<div class=\"elementor-element elementor-element-ab6777b elementor-align-center RRdevs-addons-sticky-no elementor-widget elementor-widget-button\" data-id=\"ab6777b\" data-element_type=\"widget\" data-settings=\"{&quot;rrdevs_sticky&quot;:&quot;no&quot;}\" data-widget_type=\"button.default\">\n\t\t\t\t<div class=\"elementor-widget-container\">\n\t\t\t\t\t<div class=\"elementor-button-wrapper\">\n\t\t\t<a class=\"elementor-button elementor-button-link elementor-size-sm\" href=\"https:\/\/www.americas.org\/es\/nuestro-trabajo\/videos\/\">\n\t\t\t\t\t\t<span class=\"elementor-button-content-wrapper\">\n\t\t\t\t\t\t<span class=\"elementor-button-text\">VIDEOS<\/span>\n\t\t<\/span>\n\t\t\t\t\t<\/a>\n\t\t<\/div>\n\t\t\t\t<\/div>\n\t\t\t\t<\/div>\n\t\t\t\t\t<\/div>\n\t\t<\/div>\n\t\t\t\t\t\t\t<\/div>\n\t\t<\/section>\n\t\t\t\t\t<\/div>\n\t\t<\/div>\n\t\t\t\t\t\t\t<\/div>\n\t\t<\/section>\n\t\t\t\t<section class=\"elementor-section elementor-top-section elementor-element elementor-element-a7c72ad elementor-section-boxed elementor-section-height-default elementor-section-height-default rrdevs-custom-animation-no RRdevs-addons-sticky-no\" data-id=\"a7c72ad\" data-element_type=\"section\" id=\"postgrid\" data-settings=\"{&quot;animation_on&quot;:&quot;no&quot;,&quot;rrdevs_sticky&quot;:&quot;no&quot;}\">\n\t\t\t\t\t\t<div class=\"elementor-container elementor-column-gap-no\">\n\t\t\t\t\t<div class=\"elementor-column elementor-col-100 elementor-top-column elementor-element elementor-element-7217b565\" data-id=\"7217b565\" data-element_type=\"column\">\n\t\t\t<div class=\"elementor-widget-wrap elementor-element-populated\">\n\t\t\t\t\t\t\t\t<div class=\"elementor-element elementor-element-28060a3 elementor-nav-menu__align-right elementor-nav-menu--dropdown-tablet elementor-nav-menu__text-align-aside elementor-nav-menu--toggle elementor-nav-menu--burger RRdevs-addons-sticky-no elementor-widget elementor-widget-nav-menu\" data-id=\"28060a3\" data-element_type=\"widget\" data-settings=\"{&quot;layout&quot;:&quot;horizontal&quot;,&quot;submenu_icon&quot;:{&quot;value&quot;:&quot;&lt;i class=\\&quot;fas fa-caret-down\\&quot;&gt;&lt;\\\/i&gt;&quot;,&quot;library&quot;:&quot;fa-solid&quot;},&quot;toggle&quot;:&quot;burger&quot;,&quot;rrdevs_sticky&quot;:&quot;no&quot;}\" data-widget_type=\"nav-menu.default\">\n\t\t\t\t<div class=\"elementor-widget-container\">\n\t\t\t\t\t\t<nav class=\"elementor-nav-menu--main elementor-nav-menu__container elementor-nav-menu--layout-horizontal e--pointer-background e--animation-fade\">\n\t\t\t\t<ul id=\"menu-1-28060a3\" class=\"elementor-nav-menu\"><li class=\"menu-item menu-item-type-taxonomy menu-item-object-category menu-item-61956\"><a href=\"https:\/\/www.americas.org\/es\/category\/feminismos\/\" class=\"elementor-item\">FEMINISMOS<\/a><\/li>\n<li class=\"menu-item menu-item-type-taxonomy menu-item-object-category menu-item-62895\"><a href=\"https:\/\/www.americas.org\/es\/category\/tierra\/\" class=\"elementor-item\">TIERRA<\/a><\/li>\n<li class=\"menu-item menu-item-type-taxonomy menu-item-object-category menu-item-61958\"><a href=\"https:\/\/www.americas.org\/es\/category\/democracia\/\" class=\"elementor-item\">DEMOCRACIA<\/a><\/li>\n<li class=\"menu-item menu-item-type-taxonomy menu-item-object-category menu-item-61959\"><a href=\"https:\/\/www.americas.org\/es\/category\/derechos-humanos\/\" class=\"elementor-item\">DERECHOS HUMANOS<\/a><\/li>\n<\/ul>\t\t\t<\/nav>\n\t\t\t\t\t<div class=\"elementor-menu-toggle\" role=\"button\" tabindex=\"0\" aria-label=\"Alternar men\u00fa\" aria-expanded=\"false\">\n\t\t\t<i aria-hidden=\"true\" role=\"presentation\" class=\"elementor-menu-toggle__icon--open eicon-menu-bar\"><\/i><i aria-hidden=\"true\" role=\"presentation\" class=\"elementor-menu-toggle__icon--close eicon-close\"><\/i>\t\t\t<span class=\"elementor-screen-only\">Men\u00fa<\/span>\n\t\t<\/div>\n\t\t\t\t\t<nav class=\"elementor-nav-menu--dropdown elementor-nav-menu__container\" aria-hidden=\"true\">\n\t\t\t\t<ul id=\"menu-2-28060a3\" class=\"elementor-nav-menu\"><li class=\"menu-item menu-item-type-taxonomy menu-item-object-category menu-item-61956\"><a href=\"https:\/\/www.americas.org\/es\/category\/feminismos\/\" class=\"elementor-item\" tabindex=\"-1\">FEMINISMOS<\/a><\/li>\n<li class=\"menu-item menu-item-type-taxonomy menu-item-object-category menu-item-62895\"><a href=\"https:\/\/www.americas.org\/es\/category\/tierra\/\" class=\"elementor-item\" tabindex=\"-1\">TIERRA<\/a><\/li>\n<li class=\"menu-item menu-item-type-taxonomy menu-item-object-category menu-item-61958\"><a href=\"https:\/\/www.americas.org\/es\/category\/democracia\/\" class=\"elementor-item\" tabindex=\"-1\">DEMOCRACIA<\/a><\/li>\n<li class=\"menu-item menu-item-type-taxonomy menu-item-object-category menu-item-61959\"><a href=\"https:\/\/www.americas.org\/es\/category\/derechos-humanos\/\" class=\"elementor-item\" tabindex=\"-1\">DERECHOS HUMANOS<\/a><\/li>\n<\/ul>\t\t\t<\/nav>\n\t\t\t\t<\/div>\n\t\t\t\t<\/div>\n\t\t\t\t<section class=\"elementor-section elementor-inner-section elementor-element elementor-element-dc17631 elementor-section-boxed elementor-section-height-default elementor-section-height-default rrdevs-custom-animation-no RRdevs-addons-sticky-no\" data-id=\"dc17631\" data-element_type=\"section\" data-settings=\"{&quot;animation_on&quot;:&quot;no&quot;,&quot;rrdevs_sticky&quot;:&quot;no&quot;}\">\n\t\t\t\t\t\t<div class=\"elementor-container elementor-column-gap-default\">\n\t\t\t\t\t<div class=\"elementor-column elementor-col-50 elementor-inner-column elementor-element elementor-element-ff4a5ce\" data-id=\"ff4a5ce\" data-element_type=\"column\">\n\t\t\t<div class=\"elementor-widget-wrap elementor-element-populated\">\n\t\t\t\t\t\t\t\t<div class=\"elementor-element elementor-element-0465f2e RRdevs-addons-sticky-no elementor-widget elementor-widget-heading\" data-id=\"0465f2e\" data-element_type=\"widget\" id=\"MIRAMOS\" data-settings=\"{&quot;rrdevs_sticky&quot;:&quot;no&quot;}\" data-widget_type=\"heading.default\">\n\t\t\t\t<div class=\"elementor-widget-container\">\n\t\t\t<h2 class=\"elementor-heading-title elementor-size-default\">EN LA MIRA<\/h2>\t\t<\/div>\n\t\t\t\t<\/div>\n\t\t\t\t<div class=\"elementor-element elementor-element-04ea707 elementor-widget-divider--view-line RRdevs-addons-sticky-no elementor-widget elementor-widget-divider\" data-id=\"04ea707\" data-element_type=\"widget\" data-settings=\"{&quot;rrdevs_sticky&quot;:&quot;no&quot;}\" data-widget_type=\"divider.default\">\n\t\t\t\t<div class=\"elementor-widget-container\">\n\t\t\t\t\t<div class=\"elementor-divider\">\n\t\t\t<span class=\"elementor-divider-separator\">\n\t\t\t\t\t\t<\/span>\n\t\t<\/div>\n\t\t\t\t<\/div>\n\t\t\t\t<\/div>\n\t\t\t\t\t<\/div>\n\t\t<\/div>\n\t\t\t\t<div class=\"elementor-column elementor-col-50 elementor-inner-column elementor-element elementor-element-3d096c0\" data-id=\"3d096c0\" data-element_type=\"column\">\n\t\t\t<div class=\"elementor-widget-wrap elementor-element-populated\">\n\t\t\t\t\t\t\t\t<div class=\"elementor-element elementor-element-82dde10 elementor-search-form--skin-classic elementor-search-form--button-type-icon elementor-search-form--icon-search RRdevs-addons-sticky-no elementor-widget elementor-widget-search-form\" data-id=\"82dde10\" data-element_type=\"widget\" data-settings=\"{&quot;skin&quot;:&quot;classic&quot;,&quot;rrdevs_sticky&quot;:&quot;no&quot;}\" data-widget_type=\"search-form.default\">\n\t\t\t\t<div class=\"elementor-widget-container\">\n\t\t\t\t\t<form class=\"elementor-search-form\" action=\"https:\/\/www.americas.org\/es\/\" method=\"get\" role=\"search\">\n\t\t\t\t\t\t\t\t\t<div class=\"elementor-search-form__container\">\n\t\t\t\t<label class=\"elementor-screen-only\" for=\"elementor-search-form-82dde10\">Buscar<\/label>\n\n\t\t\t\t\n\t\t\t\t<input id=\"elementor-search-form-82dde10\" placeholder=\"...\" class=\"elementor-search-form__input\" type=\"search\" name=\"s\" value=\"\">\n\t\t\t\t\n\t\t\t\t\t\t\t\t\t<button class=\"elementor-search-form__submit\" type=\"submit\" aria-label=\"Buscar\">\n\t\t\t\t\t\t\t\t\t\t\t\t\t<i aria-hidden=\"true\" class=\"fas fa-search\"><\/i>\t\t\t\t\t\t\t<span class=\"elementor-screen-only\">Buscar<\/span>\n\t\t\t\t\t\t\t\t\t\t\t<\/button>\n\t\t\t\t\n\t\t\t\t\t\t\t<\/div>\n\t\t<\/form>\n\t\t\t\t<\/div>\n\t\t\t\t<\/div>\n\t\t\t\t\t<\/div>\n\t\t<\/div>\n\t\t\t\t\t\t\t<\/div>\n\t\t<\/section>\n\t\t\t\t<div class=\"elementor-element elementor-element-3704b365 elementor-grid-1 elementor-grid-tablet-1 elementor-posts--thumbnail-left animated-slow elementor-grid-mobile-1 RRdevs-addons-sticky-no elementor-invisible elementor-widget elementor-widget-posts\" data-id=\"3704b365\" data-element_type=\"widget\" data-settings=\"{&quot;classic_columns&quot;:&quot;1&quot;,&quot;classic_columns_tablet&quot;:&quot;1&quot;,&quot;classic_row_gap&quot;:{&quot;unit&quot;:&quot;px&quot;,&quot;size&quot;:30,&quot;sizes&quot;:[]},&quot;_animation&quot;:&quot;fadeIn&quot;,&quot;classic_row_gap_mobile&quot;:{&quot;unit&quot;:&quot;px&quot;,&quot;size&quot;:0,&quot;sizes&quot;:[]},&quot;pagination_type&quot;:&quot;numbers_and_prev_next&quot;,&quot;classic_columns_mobile&quot;:&quot;1&quot;,&quot;classic_row_gap_tablet&quot;:{&quot;unit&quot;:&quot;px&quot;,&quot;size&quot;:&quot;&quot;,&quot;sizes&quot;:[]},&quot;rrdevs_sticky&quot;:&quot;no&quot;}\" data-widget_type=\"posts.classic\">\n\t\t\t\t<div class=\"elementor-widget-container\">\n\t\t\t\t\t<div class=\"elementor-posts-container elementor-posts elementor-posts--skin-classic elementor-grid\">\n\t\t\t\t<article class=\"elementor-post elementor-grid-item post-66929 post type-post status-publish format-standard has-post-thumbnail hentry category-decolonialismo category-democracia category-destacado tag-america-del-norte tag-cuba tag-estados-unidos tag-mira-feminismos-y-democracias\">\n\t\t\t\t<a class=\"elementor-post__thumbnail__link\" href=\"https:\/\/www.americas.org\/es\/ideologos-del-cambio-de-regimen-pragmaticos-capitalistas-y-la-inminente-amenaza-para-cuba\/\" tabindex=\"-1\" >\n\t\t\t<div class=\"elementor-post__thumbnail\"><img loading=\"lazy\" decoding=\"async\" width=\"680\" height=\"295\" src=\"https:\/\/www.americas.org\/wp-content\/uploads\/2026\/04\/unnamed.jpg\" class=\"attachment-medium_large size-medium_large wp-image-66922\" alt=\"\" \/><\/div>\n\t\t<\/a>\n\t\t\t\t<div class=\"elementor-post__text\">\n\t\t\t\t<h3 class=\"elementor-post__title\">\n\t\t\t<a href=\"https:\/\/www.americas.org\/es\/ideologos-del-cambio-de-regimen-pragmaticos-capitalistas-y-la-inminente-amenaza-para-cuba\/\" >\n\t\t\t\tIde\u00f3logos del cambio de r\u00e9gimen, pragm\u00e1ticos capitalistas y la inminente amenaza para Cuba.\t\t\t<\/a>\n\t\t<\/h3>\n\t\t\t\t<div class=\"elementor-post__meta-data\">\n\t\t\t\t\t<span class=\"elementor-post-date\">\n\t\t\tabril 29, 2026\t\t<\/span>\n\t\t\t\t<\/div>\n\t\t\t\t<div class=\"elementor-post__excerpt\">\n\t\t\t<p>Cuba no est\u00e1 sola Mientras la popularidad de Trump se desploma, asediado por el fiasco en Ir\u00e1n y sus extra\u00f1os intentos de deificarse a s\u00ed mismo, en lugar de tranquilizar a la<\/p>\n\t\t<\/div>\n\t\t\t\t<\/div>\n\t\t\t\t<\/article>\n\t\t\t\t<article class=\"elementor-post elementor-grid-item post-66905 post type-post status-publish format-standard has-post-thumbnail hentry category-decolonialismo category-democracia category-derechos-humanos tag-ariela-ruiz-caro tag-estados-unidos tag-mira-feminismos-y-democracias tag-peru tag-sudamerica\">\n\t\t\t\t<a class=\"elementor-post__thumbnail__link\" href=\"https:\/\/www.americas.org\/es\/peru-la-izquierda-y-el-fujimorismo-a-la-segunda-vuelta-y-el-alineamiento-automatico-con-estados-unidos-como-eje-del-debate\/\" tabindex=\"-1\" >\n\t\t\t<div class=\"elementor-post__thumbnail\"><img loading=\"lazy\" decoding=\"async\" width=\"730\" height=\"418\" src=\"https:\/\/www.americas.org\/wp-content\/uploads\/2026\/04\/Peru.jpg\" class=\"attachment-medium_large size-medium_large wp-image-66912\" alt=\"\" \/><\/div>\n\t\t<\/a>\n\t\t\t\t<div class=\"elementor-post__text\">\n\t\t\t\t<h3 class=\"elementor-post__title\">\n\t\t\t<a href=\"https:\/\/www.americas.org\/es\/peru-la-izquierda-y-el-fujimorismo-a-la-segunda-vuelta-y-el-alineamiento-automatico-con-estados-unidos-como-eje-del-debate\/\" >\n\t\t\t\tPer\u00fa: la izquierda y el fujimorismo a la segunda vuelta y el alineamiento autom\u00e1tico con Estados Unidos como eje del debate\t\t\t<\/a>\n\t\t<\/h3>\n\t\t\t\t<div class=\"elementor-post__meta-data\">\n\t\t\t\t\t<span class=\"elementor-post-date\">\n\t\t\tabril 28, 2026\t\t<\/span>\n\t\t\t\t<\/div>\n\t\t\t\t<div class=\"elementor-post__excerpt\">\n\t\t\t<p>El mundo en foco\u00a0|\u00a0Columna de an\u00e1lisis Mientras que al candidato ultraderechista Rafael L\u00f3pez Aliaga, de Renovaci\u00f3n Popular, se le agotan las armas para deslegitimar los resultados de las elecciones del 12 abril,<\/p>\n\t\t<\/div>\n\t\t\t\t<\/div>\n\t\t\t\t<\/article>\n\t\t\t\t<article class=\"elementor-post elementor-grid-item post-66883 post type-post status-publish format-standard has-post-thumbnail hentry category-democracia category-derechos-humanos category-luchas-civiles tag-ariela-ruiz-caro tag-mira-feminismos-y-democracias tag-peru tag-sudamerica\">\n\t\t\t\t<a class=\"elementor-post__thumbnail__link\" href=\"https:\/\/www.americas.org\/es\/la-narrativa-del-fraude-en-las-elecciones-presidenciales-en-peru\/\" tabindex=\"-1\" >\n\t\t\t<div class=\"elementor-post__thumbnail\"><img loading=\"lazy\" decoding=\"async\" width=\"768\" height=\"521\" src=\"https:\/\/www.americas.org\/wp-content\/uploads\/2026\/04\/elecciones-Peru-768x521.webp\" class=\"attachment-medium_large size-medium_large wp-image-66890\" alt=\"\" srcset=\"https:\/\/www.americas.org\/wp-content\/uploads\/2026\/04\/elecciones-Peru-768x521.webp 768w, https:\/\/www.americas.org\/wp-content\/uploads\/2026\/04\/elecciones-Peru.webp 1440w\" sizes=\"auto, (max-width: 768px) 100vw, 768px\" \/><\/div>\n\t\t<\/a>\n\t\t\t\t<div class=\"elementor-post__text\">\n\t\t\t\t<h3 class=\"elementor-post__title\">\n\t\t\t<a href=\"https:\/\/www.americas.org\/es\/la-narrativa-del-fraude-en-las-elecciones-presidenciales-en-peru\/\" >\n\t\t\t\tLa narrativa del fraude en las elecciones presidenciales en Per\u00fa\t\t\t<\/a>\n\t\t<\/h3>\n\t\t\t\t<div class=\"elementor-post__meta-data\">\n\t\t\t\t\t<span class=\"elementor-post-date\">\n\t\t\tabril 21, 2026\t\t<\/span>\n\t\t\t\t<\/div>\n\t\t\t\t<div class=\"elementor-post__excerpt\">\n\t\t\t<p>El mundo en foco&nbsp;|&nbsp;Columna de an\u00e1lisis Una semana despu\u00e9s de las elecciones presidenciales y congresales en el Per\u00fa, todav\u00eda no se ha definido qui\u00e9n ser\u00e1 la pareja que competir\u00e1 con Keiko Fujimori<\/p>\n\t\t<\/div>\n\t\t\t\t<\/div>\n\t\t\t\t<\/article>\n\t\t\t\t<article class=\"elementor-post elementor-grid-item post-66863 post type-post status-publish format-standard has-post-thumbnail hentry category-democracia category-derechos-humanos category-justicia tag-26-de-marzo-de-2026 tag-libra-memecoin tag-argentina tag-ciadi tag-corrupcion tag-economia tag-economia-energetica tag-finanzas tag-javier-milei tag-mira-feminismos-y-democracias tag-periodismo tag-tony-phillips\">\n\t\t\t\t<a class=\"elementor-post__thumbnail__link\" href=\"https:\/\/www.americas.org\/es\/argentina-medio-siglo-luchando-por-la-libertad\/\" tabindex=\"-1\" >\n\t\t\t<div class=\"elementor-post__thumbnail\"><img loading=\"lazy\" decoding=\"async\" width=\"720\" height=\"426\" src=\"https:\/\/www.americas.org\/wp-content\/uploads\/2026\/04\/Tony-1_Imagen.jpg\" class=\"attachment-medium_large size-medium_large wp-image-66849\" alt=\"\" \/><\/div>\n\t\t<\/a>\n\t\t\t\t<div class=\"elementor-post__text\">\n\t\t\t\t<h3 class=\"elementor-post__title\">\n\t\t\t<a href=\"https:\/\/www.americas.org\/es\/argentina-medio-siglo-luchando-por-la-libertad\/\" >\n\t\t\t\tArgentina, medio siglo luchando por la libertad\t\t\t<\/a>\n\t\t<\/h3>\n\t\t\t\t<div class=\"elementor-post__meta-data\">\n\t\t\t\t\t<span class=\"elementor-post-date\">\n\t\t\tabril 16, 2026\t\t<\/span>\n\t\t\t\t<\/div>\n\t\t\t\t<div class=\"elementor-post__excerpt\">\n\t\t\t<p>Un escenario negro se alzaba frente al palacio presidencial, la \u00abCasa Rosada\u00bb, en la Plaza de Mayo, el d\u00eda antes del gran evento del 24 de marzo para conmemorar los 50 a\u00f1os<\/p>\n\t\t<\/div>\n\t\t\t\t<\/div>\n\t\t\t\t<\/article>\n\t\t\t\t<article class=\"elementor-post elementor-grid-item post-66840 post type-post status-publish format-standard has-post-thumbnail hentry category-derechos-humanos category-paz-y-seguridad tag-ariela-ruiz-caro tag-estados-unidos tag-mira-feminismos-y-democracias\">\n\t\t\t\t<a class=\"elementor-post__thumbnail__link\" href=\"https:\/\/www.americas.org\/es\/la-gran-america-del-norte-y-la-nueva-geografia-de-la-region-del-gobierno-de-estados-unidos\/\" tabindex=\"-1\" >\n\t\t\t<div class=\"elementor-post__thumbnail\"><img loading=\"lazy\" decoding=\"async\" width=\"768\" height=\"512\" src=\"https:\/\/www.americas.org\/wp-content\/uploads\/2026\/04\/54605970351_6601fee53c_b-768x512.jpg\" class=\"attachment-medium_large size-medium_large wp-image-66841\" alt=\"\" srcset=\"https:\/\/www.americas.org\/wp-content\/uploads\/2026\/04\/54605970351_6601fee53c_b-768x512.jpg 768w, https:\/\/www.americas.org\/wp-content\/uploads\/2026\/04\/54605970351_6601fee53c_b.jpg 1024w\" sizes=\"auto, (max-width: 768px) 100vw, 768px\" \/><\/div>\n\t\t<\/a>\n\t\t\t\t<div class=\"elementor-post__text\">\n\t\t\t\t<h3 class=\"elementor-post__title\">\n\t\t\t<a href=\"https:\/\/www.americas.org\/es\/la-gran-america-del-norte-y-la-nueva-geografia-de-la-region-del-gobierno-de-estados-unidos\/\" >\n\t\t\t\tLa Gran Am\u00e9rica del Norte y la nueva geograf\u00eda de la regi\u00f3n del gobierno de Estados Unidos\t\t\t<\/a>\n\t\t<\/h3>\n\t\t\t\t<div class=\"elementor-post__meta-data\">\n\t\t\t\t\t<span class=\"elementor-post-date\">\n\t\t\tabril 5, 2026\t\t<\/span>\n\t\t\t\t<\/div>\n\t\t\t\t<div class=\"elementor-post__excerpt\">\n\t\t\t<p>El mundo en foco\u00a0|\u00a0Columna de an\u00e1lisis Han pasado cinco semanas desde que los primeros misiles de la operaci\u00f3n Furia \u00c9pica asesinaron, en el primer d\u00eda, al l\u00edder supremo Al\u00ed Jamenei, a 150<\/p>\n\t\t<\/div>\n\t\t\t\t<\/div>\n\t\t\t\t<\/article>\n\t\t\t\t<article class=\"elementor-post elementor-grid-item post-66807 post type-post status-publish format-standard has-post-thumbnail hentry category-democracia category-derechos-humanos category-paz-y-seguridad tag-ariela-ruiz-caro tag-estados-unidos tag-mira-feminismos-y-democracias\">\n\t\t\t\t<a class=\"elementor-post__thumbnail__link\" href=\"https:\/\/www.americas.org\/es\/la-guerra-contra-iran-fractura-el-mundo-y-el-poder-politico-de-trump\/\" tabindex=\"-1\" >\n\t\t\t<div class=\"elementor-post__thumbnail\"><img loading=\"lazy\" decoding=\"async\" width=\"768\" height=\"512\" src=\"https:\/\/www.americas.org\/wp-content\/uploads\/2026\/03\/WhatsApp-Image-2026-03-30-at-6.59.20-PM-768x512.jpeg\" class=\"attachment-medium_large size-medium_large wp-image-66818\" alt=\"\" srcset=\"https:\/\/www.americas.org\/wp-content\/uploads\/2026\/03\/WhatsApp-Image-2026-03-30-at-6.59.20-PM-768x512.jpeg 768w, https:\/\/www.americas.org\/wp-content\/uploads\/2026\/03\/WhatsApp-Image-2026-03-30-at-6.59.20-PM.jpeg 1280w\" sizes=\"auto, (max-width: 768px) 100vw, 768px\" \/><\/div>\n\t\t<\/a>\n\t\t\t\t<div class=\"elementor-post__text\">\n\t\t\t\t<h3 class=\"elementor-post__title\">\n\t\t\t<a href=\"https:\/\/www.americas.org\/es\/la-guerra-contra-iran-fractura-el-mundo-y-el-poder-politico-de-trump\/\" >\n\t\t\t\tLa guerra contra Ir\u00e1n fractura el mundo y el poder pol\u00edtico de Trump\t\t\t<\/a>\n\t\t<\/h3>\n\t\t\t\t<div class=\"elementor-post__meta-data\">\n\t\t\t\t\t<span class=\"elementor-post-date\">\n\t\t\tmarzo 30, 2026\t\t<\/span>\n\t\t\t\t<\/div>\n\t\t\t\t<div class=\"elementor-post__excerpt\">\n\t\t\t<p>El mundo en foco\u00a0|\u00a0Columna de an\u00e1lisis Transcurrido un mes desde el inicio de la agresi\u00f3n militar conjunta de Estados Unidos e Israel a Ir\u00e1n, en plenas negociaciones, y cuando todav\u00eda resuenan las<\/p>\n\t\t<\/div>\n\t\t\t\t<\/div>\n\t\t\t\t<\/article>\n\t\t\t\t<article class=\"elementor-post elementor-grid-item post-66773 post type-post status-publish format-standard has-post-thumbnail hentry category-decolonialismo category-democracia category-derechos-humanos tag-america-latina-2 tag-ariela-ruiz-caro tag-cuba tag-estados-unidos tag-mira-feminismos-y-democracias\">\n\t\t\t\t<a class=\"elementor-post__thumbnail__link\" href=\"https:\/\/www.americas.org\/es\/la-celac-sin-consenso-frente-a-las-asfixiantes-sanciones-de-estados-unidos-a-cuba\/\" tabindex=\"-1\" >\n\t\t\t<div class=\"elementor-post__thumbnail\"><img loading=\"lazy\" decoding=\"async\" width=\"768\" height=\"512\" src=\"https:\/\/www.americas.org\/wp-content\/uploads\/2026\/03\/WhatsApp-Image-2026-03-24-at-11.30.49-AM-768x512.jpeg\" class=\"attachment-medium_large size-medium_large wp-image-66782\" alt=\"\" srcset=\"https:\/\/www.americas.org\/wp-content\/uploads\/2026\/03\/WhatsApp-Image-2026-03-24-at-11.30.49-AM-768x512.jpeg 768w, https:\/\/www.americas.org\/wp-content\/uploads\/2026\/03\/WhatsApp-Image-2026-03-24-at-11.30.49-AM.jpeg 799w\" sizes=\"auto, (max-width: 768px) 100vw, 768px\" \/><\/div>\n\t\t<\/a>\n\t\t\t\t<div class=\"elementor-post__text\">\n\t\t\t\t<h3 class=\"elementor-post__title\">\n\t\t\t<a href=\"https:\/\/www.americas.org\/es\/la-celac-sin-consenso-frente-a-las-asfixiantes-sanciones-de-estados-unidos-a-cuba\/\" >\n\t\t\t\tLa CELAC sin consenso frente a las asfixiantes sanciones de Estados Unidos a Cuba\t\t\t<\/a>\n\t\t<\/h3>\n\t\t\t\t<div class=\"elementor-post__meta-data\">\n\t\t\t\t\t<span class=\"elementor-post-date\">\n\t\t\tmarzo 24, 2026\t\t<\/span>\n\t\t\t\t<\/div>\n\t\t\t\t<div class=\"elementor-post__excerpt\">\n\t\t\t<p>El mundo en foco&nbsp;|&nbsp;Columna de an\u00e1lisis El lunes pasado escuchamos al presidente Donald Trump decir una frase que condensa la pol\u00edtica exterior de su administraci\u00f3n: &#8220;Creo que tendr\u00e9 el honor de tomar<\/p>\n\t\t<\/div>\n\t\t\t\t<\/div>\n\t\t\t\t<\/article>\n\t\t\t\t<article class=\"elementor-post elementor-grid-item post-66731 post type-post status-publish format-standard has-post-thumbnail hentry category-democracia category-derechos-humanos category-identidades category-paz-y-seguridad tag-america-del-norte tag-ariela-ruiz-caro tag-centroamerica tag-mexico tag-mira-feminismos-y-democracias tag-sudamerica\">\n\t\t\t\t<a class=\"elementor-post__thumbnail__link\" href=\"https:\/\/www.americas.org\/es\/el-escudo-de-las-americas-y-la-diplomacia-de-extorsion-de-estados-unidos-hacia-la-region\/\" tabindex=\"-1\" >\n\t\t\t<div class=\"elementor-post__thumbnail\"><img loading=\"lazy\" decoding=\"async\" width=\"768\" height=\"485\" src=\"https:\/\/www.americas.org\/wp-content\/uploads\/2026\/03\/WhatsApp-Image-2026-03-08-at-10.33.26-PM-1-768x485.jpeg\" class=\"attachment-medium_large size-medium_large wp-image-66736\" alt=\"\" srcset=\"https:\/\/www.americas.org\/wp-content\/uploads\/2026\/03\/WhatsApp-Image-2026-03-08-at-10.33.26-PM-1-768x485.jpeg 768w, https:\/\/www.americas.org\/wp-content\/uploads\/2026\/03\/WhatsApp-Image-2026-03-08-at-10.33.26-PM-1.jpeg 903w\" sizes=\"auto, (max-width: 768px) 100vw, 768px\" \/><\/div>\n\t\t<\/a>\n\t\t\t\t<div class=\"elementor-post__text\">\n\t\t\t\t<h3 class=\"elementor-post__title\">\n\t\t\t<a href=\"https:\/\/www.americas.org\/es\/el-escudo-de-las-americas-y-la-diplomacia-de-extorsion-de-estados-unidos-hacia-la-region\/\" >\n\t\t\t\tEl \u201cescudo de las Am\u00e9ricas\u201d y la diplomacia de extorsi\u00f3n de Estados Unidos hacia la regi\u00f3n\t\t\t<\/a>\n\t\t<\/h3>\n\t\t\t\t<div class=\"elementor-post__meta-data\">\n\t\t\t\t\t<span class=\"elementor-post-date\">\n\t\t\tmarzo 9, 2026\t\t<\/span>\n\t\t\t\t<\/div>\n\t\t\t\t<div class=\"elementor-post__excerpt\">\n\t\t\t<p>El mundo en foco&nbsp;|&nbsp;Columna de an\u00e1lisis Una semana despu\u00e9s de la artera intervenci\u00f3n militar conjunta de Estados Unidos e Israel a Ir\u00e1n, en plenas negociaciones, el presidente Trump reuni\u00f3 a los jefes<\/p>\n\t\t<\/div>\n\t\t\t\t<\/div>\n\t\t\t\t<\/article>\n\t\t\t\t<article class=\"elementor-post elementor-grid-item post-66716 post type-post status-publish format-standard has-post-thumbnail hentry category-activismos category-decolonialismo category-derechos-humanos category-justicia category-movimientos-sociales tag-honduras-es tag-latinoamerica tag-mira-feminismos-y-democracias\">\n\t\t\t\t<a class=\"elementor-post__thumbnail__link\" href=\"https:\/\/www.americas.org\/es\/a-10-anos-de-la-siembra-de-berta-caceres-su-legado-y-la-lucha-por-la-justicia\/\" tabindex=\"-1\" >\n\t\t\t<div class=\"elementor-post__thumbnail\"><img loading=\"lazy\" decoding=\"async\" width=\"768\" height=\"482\" src=\"https:\/\/www.americas.org\/wp-content\/uploads\/2026\/03\/Berta-3-1-e1772680312654-768x482.jpg\" class=\"attachment-medium_large size-medium_large wp-image-66717\" alt=\"\" srcset=\"https:\/\/www.americas.org\/wp-content\/uploads\/2026\/03\/Berta-3-1-e1772680312654-768x482.jpg 768w, https:\/\/www.americas.org\/wp-content\/uploads\/2026\/03\/Berta-3-1-e1772680312654.jpg 1083w\" sizes=\"auto, (max-width: 768px) 100vw, 768px\" \/><\/div>\n\t\t<\/a>\n\t\t\t\t<div class=\"elementor-post__text\">\n\t\t\t\t<h3 class=\"elementor-post__title\">\n\t\t\t<a href=\"https:\/\/www.americas.org\/es\/a-10-anos-de-la-siembra-de-berta-caceres-su-legado-y-la-lucha-por-la-justicia\/\" >\n\t\t\t\tA 10 a\u00f1os de la siembra de Berta C\u00e1ceres: Su legado y la lucha por la justicia\t\t\t<\/a>\n\t\t<\/h3>\n\t\t\t\t<div class=\"elementor-post__meta-data\">\n\t\t\t\t\t<span class=\"elementor-post-date\">\n\t\t\tmarzo 4, 2026\t\t<\/span>\n\t\t\t\t<\/div>\n\t\t\t\t<div class=\"elementor-post__excerpt\">\n\t\t\t<p>Una d\u00e9cada despu\u00e9s del asesinato de la l\u00edder ambientalista e ind\u00edgena hondure\u00f1a Berta C\u00e1ceres, Mira Feminismos y Democracias se une a cientos de organizaciones de todo el mundo para celebrar y honrar<\/p>\n\t\t<\/div>\n\t\t\t\t<\/div>\n\t\t\t\t<\/article>\n\t\t\t\t<article class=\"elementor-post elementor-grid-item post-66700 post type-post status-publish format-standard has-post-thumbnail hentry category-acuerdos-de-libre-comercio category-decolonialismo category-democracia tag-estados-unidos tag-mira-feminismos-y-democracias tag-sudamerica\">\n\t\t\t\t<a class=\"elementor-post__thumbnail__link\" href=\"https:\/\/www.americas.org\/es\/la-intensificacion-de-la-injerencia-de-estados-unidos-en-la-region\/\" tabindex=\"-1\" >\n\t\t\t<div class=\"elementor-post__thumbnail\"><img loading=\"lazy\" decoding=\"async\" width=\"768\" height=\"512\" src=\"https:\/\/www.americas.org\/wp-content\/uploads\/2026\/03\/55055998485_f17f942950_c-768x512.jpg\" class=\"attachment-medium_large size-medium_large wp-image-66703\" alt=\"\" srcset=\"https:\/\/www.americas.org\/wp-content\/uploads\/2026\/03\/55055998485_f17f942950_c-768x512.jpg 768w, https:\/\/www.americas.org\/wp-content\/uploads\/2026\/03\/55055998485_f17f942950_c.jpg 799w\" sizes=\"auto, (max-width: 768px) 100vw, 768px\" \/><\/div>\n\t\t<\/a>\n\t\t\t\t<div class=\"elementor-post__text\">\n\t\t\t\t<h3 class=\"elementor-post__title\">\n\t\t\t<a href=\"https:\/\/www.americas.org\/es\/la-intensificacion-de-la-injerencia-de-estados-unidos-en-la-region\/\" >\n\t\t\t\tLa intensificaci\u00f3n de la injerencia de Estados Unidos en la regi\u00f3n\t\t\t<\/a>\n\t\t<\/h3>\n\t\t\t\t<div class=\"elementor-post__meta-data\">\n\t\t\t\t\t<span class=\"elementor-post-date\">\n\t\t\tmarzo 3, 2026\t\t<\/span>\n\t\t\t\t<\/div>\n\t\t\t\t<div class=\"elementor-post__excerpt\">\n\t\t\t<p>El mundo en foco\u00a0|\u00a0Columna de an\u00e1lisis La intromisi\u00f3n de Estados Unidos en la regi\u00f3n avanza sin pausa. Esta vez le toc\u00f3 el turno a Chile. Su gobierno fue presionado a abandonar un<\/p>\n\t\t<\/div>\n\t\t\t\t<\/div>\n\t\t\t\t<\/article>\n\t\t\t\t<\/div>\n\t\t\n\t\t\t\t<div class=\"e-load-more-anchor\" data-page=\"1\" data-max-page=\"151\" data-next-page=\"https:\/\/www.americas.org\/es\/wp-json\/wp\/v2\/pages\/60882\/page\/2\/\"><\/div>\n\t\t\t\t<nav class=\"elementor-pagination\" aria-label=\"Paginaci\u00f3n\">\n\t\t\t<span class=\"page-numbers prev\">&#8636; Anterior<\/span>\n<span aria-current=\"page\" class=\"page-numbers current\"><span class=\"elementor-screen-only\">P\u00e1gina<\/span>1<\/span>\n<a class=\"page-numbers\" href=\"https:\/\/www.americas.org\/es\/wp-json\/wp\/v2\/pages\/60882\/page\/2\/\"><span class=\"elementor-screen-only\">P\u00e1gina<\/span>2<\/a>\n<a class=\"page-numbers\" href=\"https:\/\/www.americas.org\/es\/wp-json\/wp\/v2\/pages\/60882\/page\/3\/\"><span class=\"elementor-screen-only\">P\u00e1gina<\/span>3<\/a>\n<span class=\"page-numbers dots\">&hellip;<\/span>\n<a class=\"page-numbers\" href=\"https:\/\/www.americas.org\/es\/wp-json\/wp\/v2\/pages\/60882\/page\/151\/\"><span class=\"elementor-screen-only\">P\u00e1gina<\/span>151<\/a>\n<a class=\"page-numbers next\" href=\"https:\/\/www.americas.org\/es\/wp-json\/wp\/v2\/pages\/60882\/page\/2\/\">Siguiente &#8640;<\/a>\t\t<\/nav>\n\t\t\t\t<\/div>\n\t\t\t\t<\/div>\n\t\t\t\t\t<\/div>\n\t\t<\/div>\n\t\t\t\t\t\t\t<\/div>\n\t\t<\/section>\n\t\t\t\t<section class=\"elementor-section elementor-top-section elementor-element elementor-element-0bede45 elementor-section-full_width elementor-hidden-mobile elementor-section-height-default elementor-section-height-default rrdevs-custom-animation-no RRdevs-addons-sticky-no\" data-id=\"0bede45\" data-element_type=\"section\" data-settings=\"{&quot;background_background&quot;:&quot;classic&quot;,&quot;animation_on&quot;:&quot;no&quot;,&quot;rrdevs_sticky&quot;:&quot;no&quot;}\">\n\t\t\t\t\t\t\t<div class=\"elementor-background-overlay\"><\/div>\n\t\t\t\t\t\t\t<div class=\"elementor-container elementor-column-gap-default\">\n\t\t\t\t\t<div class=\"elementor-column elementor-col-100 elementor-top-column elementor-element elementor-element-554c293\" data-id=\"554c293\" data-element_type=\"column\">\n\t\t\t<div class=\"elementor-widget-wrap elementor-element-populated\">\n\t\t\t\t\t\t\t\t<div class=\"elementor-element elementor-element-54ef981 RRdevs-addons-sticky-no elementor-widget elementor-widget-spacer\" data-id=\"54ef981\" data-element_type=\"widget\" data-settings=\"{&quot;rrdevs_sticky&quot;:&quot;no&quot;}\" data-widget_type=\"spacer.default\">\n\t\t\t\t<div class=\"elementor-widget-container\">\n\t\t\t\t\t<div class=\"elementor-spacer\">\n\t\t\t<div class=\"elementor-spacer-inner\"><\/div>\n\t\t<\/div>\n\t\t\t\t<\/div>\n\t\t\t\t<\/div>\n\t\t\t\t\t<\/div>\n\t\t<\/div>\n\t\t\t\t\t\t\t<\/div>\n\t\t<\/section>\n\t\t\t\t<section class=\"elementor-section elementor-top-section elementor-element elementor-element-17b4b84 elementor-section-boxed elementor-section-height-default elementor-section-height-default rrdevs-custom-animation-no RRdevs-addons-sticky-no\" data-id=\"17b4b84\" data-element_type=\"section\" data-settings=\"{&quot;animation_on&quot;:&quot;no&quot;,&quot;rrdevs_sticky&quot;:&quot;no&quot;}\">\n\t\t\t\t\t\t<div class=\"elementor-container elementor-column-gap-default\">\n\t\t\t\t\t<div class=\"elementor-column elementor-col-100 elementor-top-column elementor-element elementor-element-63d4229\" data-id=\"63d4229\" data-element_type=\"column\">\n\t\t\t<div class=\"elementor-widget-wrap elementor-element-populated\">\n\t\t\t\t\t\t\t\t<div class=\"elementor-element elementor-element-92d73dc RRdevs-addons-sticky-no elementor-widget elementor-widget-heading\" data-id=\"92d73dc\" data-element_type=\"widget\" data-settings=\"{&quot;rrdevs_sticky&quot;:&quot;no&quot;}\" data-widget_type=\"heading.default\">\n\t\t\t\t<div class=\"elementor-widget-container\">\n\t\t\t<h2 class=\"elementor-heading-title elementor-size-default\">DESTACADOS<\/h2>\t\t<\/div>\n\t\t\t\t<\/div>\n\t\t\t\t<div class=\"elementor-element elementor-element-25ca57a elementor-posts__hover-none elementor-grid-3 elementor-grid-tablet-2 elementor-grid-mobile-1 elementor-posts--thumbnail-top RRdevs-addons-sticky-no elementor-widget elementor-widget-posts\" data-id=\"25ca57a\" data-element_type=\"widget\" data-settings=\"{&quot;cards_columns&quot;:&quot;3&quot;,&quot;cards_columns_tablet&quot;:&quot;2&quot;,&quot;cards_columns_mobile&quot;:&quot;1&quot;,&quot;cards_row_gap&quot;:{&quot;unit&quot;:&quot;px&quot;,&quot;size&quot;:35,&quot;sizes&quot;:[]},&quot;cards_row_gap_tablet&quot;:{&quot;unit&quot;:&quot;px&quot;,&quot;size&quot;:&quot;&quot;,&quot;sizes&quot;:[]},&quot;cards_row_gap_mobile&quot;:{&quot;unit&quot;:&quot;px&quot;,&quot;size&quot;:&quot;&quot;,&quot;sizes&quot;:[]},&quot;rrdevs_sticky&quot;:&quot;no&quot;}\" data-widget_type=\"posts.cards\">\n\t\t\t\t<div class=\"elementor-widget-container\">\n\t\t\t\t\t<div class=\"elementor-posts-container elementor-posts elementor-posts--skin-cards elementor-grid\">\n\t\t\t\t<article class=\"elementor-post elementor-grid-item post-66929 post type-post status-publish format-standard has-post-thumbnail hentry category-decolonialismo category-democracia category-destacado tag-america-del-norte tag-cuba tag-estados-unidos tag-mira-feminismos-y-democracias\">\n\t\t\t<div class=\"elementor-post__card\">\n\t\t\t\t<a class=\"elementor-post__thumbnail__link\" href=\"https:\/\/www.americas.org\/es\/ideologos-del-cambio-de-regimen-pragmaticos-capitalistas-y-la-inminente-amenaza-para-cuba\/\" tabindex=\"-1\" ><div class=\"elementor-post__thumbnail\"><img loading=\"lazy\" decoding=\"async\" width=\"680\" height=\"295\" src=\"https:\/\/www.americas.org\/wp-content\/uploads\/2026\/04\/unnamed.jpg\" class=\"attachment-medium size-medium wp-image-66922\" alt=\"\" \/><\/div><\/a>\n\t\t\t\t<div class=\"elementor-post__badge\">Decolonialismo<\/div>\n\t\t\t\t<div class=\"elementor-post__text\">\n\t\t\t\t<h3 class=\"elementor-post__title\">\n\t\t\t<a href=\"https:\/\/www.americas.org\/es\/ideologos-del-cambio-de-regimen-pragmaticos-capitalistas-y-la-inminente-amenaza-para-cuba\/\" >\n\t\t\t\tIde\u00f3logos del cambio de r\u00e9gimen, pragm\u00e1ticos capitalistas y la inminente amenaza para Cuba.\t\t\t<\/a>\n\t\t<\/h3>\n\t\t\n\t\t<a class=\"elementor-post__read-more\" href=\"https:\/\/www.americas.org\/es\/ideologos-del-cambio-de-regimen-pragmaticos-capitalistas-y-la-inminente-amenaza-para-cuba\/\" aria-label=\"M\u00e1s informaci\u00f3n sobre Ide\u00f3logos del cambio de r\u00e9gimen, pragm\u00e1ticos capitalistas y la inminente amenaza para Cuba.\" tabindex=\"-1\" >\n\t\t\tRead More \u00bb\t\t<\/a>\n\n\t\t\t\t<\/div>\n\t\t\t\t<div class=\"elementor-post__meta-data\">\n\t\t\t\t\t<span class=\"elementor-post-date\">\n\t\t\tabril 29, 2026\t\t<\/span>\n\t\t\t\t<\/div>\n\t\t\t\t\t<\/div>\n\t\t<\/article>\n\t\t\t\t<article class=\"elementor-post elementor-grid-item post-66307 post type-post status-publish format-standard has-post-thumbnail hentry category-decolonialismo category-democracia category-destacado category-paz-y-seguridad tag-estados-unidos tag-mira-feminismos-y-democracias tag-venezuela\">\n\t\t\t<div class=\"elementor-post__card\">\n\t\t\t\t<a class=\"elementor-post__thumbnail__link\" href=\"https:\/\/www.americas.org\/es\/a-medida-que-aumentan-las-amenazas-contra-venezuela-la-oposicion-finalmente-se-hace-oir-en-estados-unidos\/\" tabindex=\"-1\" ><div class=\"elementor-post__thumbnail\"><img loading=\"lazy\" decoding=\"async\" width=\"800\" height=\"601\" src=\"https:\/\/www.americas.org\/wp-content\/uploads\/2025\/12\/46674327244_c5e4f439b9_c-1-e1765560768591.jpg\" class=\"attachment-medium size-medium wp-image-66282\" alt=\"\" \/><\/div><\/a>\n\t\t\t\t<div class=\"elementor-post__badge\">Decolonialismo<\/div>\n\t\t\t\t<div class=\"elementor-post__text\">\n\t\t\t\t<h3 class=\"elementor-post__title\">\n\t\t\t<a href=\"https:\/\/www.americas.org\/es\/a-medida-que-aumentan-las-amenazas-contra-venezuela-la-oposicion-finalmente-se-hace-oir-en-estados-unidos\/\" >\n\t\t\t\tFrente a los ataques contra Venezuela, la oposici\u00f3n se hace o\u00edr en Estados Unidos\t\t\t<\/a>\n\t\t<\/h3>\n\t\t\n\t\t<a class=\"elementor-post__read-more\" href=\"https:\/\/www.americas.org\/es\/a-medida-que-aumentan-las-amenazas-contra-venezuela-la-oposicion-finalmente-se-hace-oir-en-estados-unidos\/\" aria-label=\"M\u00e1s informaci\u00f3n sobre Frente a los ataques contra Venezuela, la oposici\u00f3n se hace o\u00edr en Estados Unidos\" tabindex=\"-1\" >\n\t\t\tRead More \u00bb\t\t<\/a>\n\n\t\t\t\t<\/div>\n\t\t\t\t<div class=\"elementor-post__meta-data\">\n\t\t\t\t\t<span class=\"elementor-post-date\">\n\t\t\tdiciembre 12, 2025\t\t<\/span>\n\t\t\t\t<\/div>\n\t\t\t\t\t<\/div>\n\t\t<\/article>\n\t\t\t\t<article class=\"elementor-post elementor-grid-item post-66182 post type-post status-publish format-standard has-post-thumbnail hentry category-acuerdos-de-libre-comercio category-decolonialismo category-democracia category-destacado category-justicia tag-argentina tag-el-salvador tag-estados-unidos tag-guatemala tag-norteamerica\">\n\t\t\t<div class=\"elementor-post__card\">\n\t\t\t\t<a class=\"elementor-post__thumbnail__link\" href=\"https:\/\/www.americas.org\/es\/tlc-con-eeuu-en-tiempos-de-proteccionismo\/\" tabindex=\"-1\" ><div class=\"elementor-post__thumbnail\"><img loading=\"lazy\" decoding=\"async\" width=\"799\" height=\"533\" src=\"https:\/\/www.americas.org\/wp-content\/uploads\/2025\/11\/Trump-noviembre-2025.jpg\" class=\"attachment-medium size-medium wp-image-66183\" alt=\"\" srcset=\"https:\/\/www.americas.org\/wp-content\/uploads\/2025\/11\/Trump-noviembre-2025.jpg 799w, https:\/\/www.americas.org\/wp-content\/uploads\/2025\/11\/Trump-noviembre-2025-768x512.jpg 768w\" sizes=\"auto, (max-width: 799px) 100vw, 799px\" \/><\/div><\/a>\n\t\t\t\t<div class=\"elementor-post__badge\">Acuerdos de Libre Comercio<\/div>\n\t\t\t\t<div class=\"elementor-post__text\">\n\t\t\t\t<h3 class=\"elementor-post__title\">\n\t\t\t<a href=\"https:\/\/www.americas.org\/es\/tlc-con-eeuu-en-tiempos-de-proteccionismo\/\" >\n\t\t\t\tTLC con EEUU en tiempos de proteccionismo\t\t\t<\/a>\n\t\t<\/h3>\n\t\t\n\t\t<a class=\"elementor-post__read-more\" href=\"https:\/\/www.americas.org\/es\/tlc-con-eeuu-en-tiempos-de-proteccionismo\/\" aria-label=\"M\u00e1s informaci\u00f3n sobre TLC con EEUU en tiempos de proteccionismo\" tabindex=\"-1\" >\n\t\t\tRead More \u00bb\t\t<\/a>\n\n\t\t\t\t<\/div>\n\t\t\t\t<div class=\"elementor-post__meta-data\">\n\t\t\t\t\t<span class=\"elementor-post-date\">\n\t\t\tnoviembre 16, 2025\t\t<\/span>\n\t\t\t\t<\/div>\n\t\t\t\t\t<\/div>\n\t\t<\/article>\n\t\t\t\t<\/div>\n\t\t\n\t\t\t\t<\/div>\n\t\t\t\t<\/div>\n\t\t\t\t\t<\/div>\n\t\t<\/div>\n\t\t\t\t\t\t\t<\/div>\n\t\t<\/section>\n\t\t\t\t<section class=\"elementor-section elementor-top-section elementor-element elementor-element-ae7286b elementor-section-boxed elementor-section-height-default elementor-section-height-default rrdevs-custom-animation-no RRdevs-addons-sticky-no\" data-id=\"ae7286b\" data-element_type=\"section\" data-settings=\"{&quot;animation_on&quot;:&quot;no&quot;,&quot;rrdevs_sticky&quot;:&quot;no&quot;}\">\n\t\t\t\t\t\t<div class=\"elementor-container elementor-column-gap-default\">\n\t\t\t\t\t<div class=\"elementor-column elementor-col-100 elementor-top-column elementor-element elementor-element-cb7a827\" data-id=\"cb7a827\" data-element_type=\"column\">\n\t\t\t<div class=\"elementor-widget-wrap elementor-element-populated\">\n\t\t\t\t\t\t\t\t<div class=\"elementor-element elementor-element-b7f05fc RRdevs-addons-sticky-no elementor-widget elementor-widget-html\" data-id=\"b7f05fc\" data-element_type=\"widget\" data-settings=\"{&quot;rrdevs_sticky&quot;:&quot;no&quot;}\" data-widget_type=\"html.default\">\n\t\t\t\t<div class=\"elementor-widget-container\">\n\t\t\t<script>\r\n\r\njQuery(document).ready(function(){ \r\n    \r\n    jQuery('a.page-numbers').each(function(index) { \r\n    \r\n    var oldUrl = jQuery(this).attr('href'); \r\n  \/\/ alert(\"test: \"+oldUrl);\r\n   var patt = \/\\\/[0-9]+\\\/\/;\r\n   var result = oldUrl.match(patt);\r\n   var result2 = '\/page' +result+'#postgrid'\r\n   url = oldUrl.replace(result, result2);\r\n\r\n\r\n    jQuery(this).attr('href', url); }); \r\n    \r\n});\r\n\r\n<\/script>\t\t<\/div>\n\t\t\t\t<\/div>\n\t\t\t\t\t<\/div>\n\t\t<\/div>\n\t\t\t\t\t\t\t<\/div>\n\t\t<\/section>\n\t\t\t\t\t\t\t<\/div>\n\t\t","protected":false},"excerpt":{"rendered":"<p>EN LA MIRA EN LA MIRA ART\u00cdCULOS VIDEOS EN LA<\/p>\n","protected":false},"author":494,"featured_media":0,"parent":0,"menu_order":29,"comment_status":"closed","ping_status":"closed","template":"elementor_header_footer","meta":{"inline_featured_image":false,"footnotes":""},"coauthors":[],"class_list":["post-60882","page","type-page","status-publish","hentry"],"_links":{"self":[{"href":"https:\/\/www.americas.org\/es\/wp-json\/wp\/v2\/pages\/60882","targetHints":{"allow":["GET"]}}],"collection":[{"href":"https:\/\/www.americas.org\/es\/wp-json\/wp\/v2\/pages"}],"about":[{"href":"https:\/\/www.americas.org\/es\/wp-json\/wp\/v2\/types\/page"}],"author":[{"embeddable":true,"href":"https:\/\/www.americas.org\/es\/wp-json\/wp\/v2\/users\/494"}],"replies":[{"embeddable":true,"href":"https:\/\/www.americas.org\/es\/wp-json\/wp\/v2\/comments?post=60882"}],"version-history":[{"count":117,"href":"https:\/\/www.americas.org\/es\/wp-json\/wp\/v2\/pages\/60882\/revisions"}],"predecessor-version":[{"id":63642,"href":"https:\/\/www.americas.org\/es\/wp-json\/wp\/v2\/pages\/60882\/revisions\/63642"}],"wp:attachment":[{"href":"https:\/\/www.americas.org\/es\/wp-json\/wp\/v2\/media?parent=60882"}],"wp:term":[{"taxonomy":"author","embeddable":true,"href":"https:\/\/www.americas.org\/es\/wp-json\/wp\/v2\/coauthors?post=60882"}],"curies":[{"name":"wp","href":"https:\/\/api.w.org\/{rel}","templated":true}]}}